{"id":18,"date":"2026-04-13T17:16:44","date_gmt":"2026-04-13T17:16:44","guid":{"rendered":"https:\/\/vidapazyjusticia.org\/?page_id=18"},"modified":"2026-04-14T11:54:08","modified_gmt":"2026-04-14T11:54:08","slug":"inicio","status":"publish","type":"page","link":"https:\/\/vidapazyjusticia.org\/en\/","title":{"rendered":"Home"},"content":{"rendered":"<div data-elementor-type=\"wp-page\" data-elementor-id=\"18\" class=\"elementor elementor-18\">\n\t\t\t\t<div class=\"elementor-element elementor-element-537156f e-con-full e-flex e-con e-parent\" data-id=\"537156f\" data-element_type=\"container\" data-e-type=\"container\">\n\t\t<div class=\"elementor-element elementor-element-363bcab e-flex e-con-boxed e-con e-child\" data-id=\"363bcab\" data-element_type=\"container\" data-e-type=\"container\">\n\t\t\t\t\t<div class=\"e-con-inner\">\n\t\t\t\t<div class=\"elementor-element elementor-element-60d88f9 elementor-widget elementor-widget-heading\" data-id=\"60d88f9\" data-element_type=\"widget\" data-e-type=\"widget\" data-widget_type=\"heading.default\">\n\t\t\t\t\t<h1 class=\"elementor-heading-title elementor-size-default\">We build peace, justice, and social cohesion through culture, education, and community-based work.<\/h1>\t\t\t\t<\/div>\n\t\t\t\t<div class=\"elementor-element elementor-element-22da691 elementor-widget elementor-widget-text-editor\" data-id=\"22da691\" data-element_type=\"widget\" data-e-type=\"widget\" data-widget_type=\"text-editor.default\">\n\t\t\t\t\t\t\t\t\t<p>The Asociaci\u00f3n Vida Paz y Justicia is a non-profit social organization based in Madrid. It promotes high-impact social, cultural, and educational initiatives aimed at advancing human rights, social inclusion, and international cooperation, with a special focus on communities in vulnerable situations.<\/p>\t\t\t\t\t\t\t\t<\/div>\n\t\t\t\t\t    \t            <button class=\"e-df181c8-5d00bd9 e-button-base\" data-interaction-id=\"df181c8\"  >\n            Learn more\n        <\/button>\n    \t\t\t\t\t<\/div>\n\t\t\t\t<\/div>\n\t\t\t\t\t\t\t\n\t\t<img class=\"e-image-base\" \n\t\t\t\t\tdata-interaction-id=\"1660802\" \n\t\t \n\t\t \n\t\t\t\t\t\t\t\t\tid=\"173\"\n\t\t\t\t\t\t\t\t\t\t\t\tsrc=\"https:\/\/vidapazyjusticia.org\/wp-content\/uploads\/2026\/04\/Integracion-2-VPJ.png\"\n\t\t\t\t\t\t\t\t\t\t\t\twidth=\"668\"\n\t\t\t\t\t\t\t\t\t\t\t\theight=\"571\"\n\t\t\t\t\t\t\t\t\t\t\t\tsrcset=\"https:\/\/vidapazyjusticia.org\/wp-content\/uploads\/2026\/04\/Integracion-2-VPJ.png 668w, https:\/\/vidapazyjusticia.org\/wp-content\/uploads\/2026\/04\/Integracion-2-VPJ-300x256.png 300w, https:\/\/vidapazyjusticia.org\/wp-content\/uploads\/2026\/04\/Integracion-2-VPJ-14x12.png 14w\"\n\t\t\t\t\t\t\t\t\t\t\t\talt=\"Inclusi\u00f3n social. Encuentro de la Asociaci\u00f3n Tagua con comunidades migrantes en una jornada de integraci\u00f3n cultural y di\u00e1logo comunitario.\"\n\t\t\t\t\t\t\/>\n\t\t\t\t\t<\/div>\n\t\t<div class=\"elementor-element elementor-element-f447ab5 e-con-full e-flex e-con e-parent\" data-id=\"f447ab5\" data-element_type=\"container\" data-e-type=\"container\" data-settings=\"{&quot;background_background&quot;:&quot;classic&quot;}\">\n\t\t<div class=\"elementor-element elementor-element-f7fa402 e-grid e-con-boxed e-con e-child\" data-id=\"f7fa402\" data-element_type=\"container\" data-e-type=\"container\" data-settings=\"{&quot;background_background&quot;:&quot;classic&quot;}\">\n\t\t\t\t\t<div class=\"e-con-inner\">\n\t\t\t\t\t\t\t\n\t\t<img class=\"e-image-base\" \n\t\t\t\t\tdata-interaction-id=\"fbf9311\" \n\t\t \n\t\t \n\t\t\t\t\t\t\t\t\tid=\"196\"\n\t\t\t\t\t\t\t\t\t\t\t\tsrc=\"https:\/\/vidapazyjusticia.org\/wp-content\/uploads\/2026\/04\/NOS-ESTAN-MATANDO-VPJ.png\"\n\t\t\t\t\t\t\t\t\t\t\t\twidth=\"568\"\n\t\t\t\t\t\t\t\t\t\t\t\theight=\"569\"\n\t\t\t\t\t\t\t\t\t\t\t\tsrcset=\"https:\/\/vidapazyjusticia.org\/wp-content\/uploads\/2026\/04\/NOS-ESTAN-MATANDO-VPJ.png 568w, https:\/\/vidapazyjusticia.org\/wp-content\/uploads\/2026\/04\/NOS-ESTAN-MATANDO-VPJ-300x300.png 300w, https:\/\/vidapazyjusticia.org\/wp-content\/uploads\/2026\/04\/NOS-ESTAN-MATANDO-VPJ-150x150.png 150w, https:\/\/vidapazyjusticia.org\/wp-content\/uploads\/2026\/04\/NOS-ESTAN-MATANDO-VPJ-12x12.png 12w\"\n\t\t\t\t\t\t\t\t\t\t\t\talt=\"\"\n\t\t\t\t\t\t\/>\n\t\t\t<div class=\"elementor-element elementor-element-2a06ca1 e-con-full e-flex e-con e-child\" data-id=\"2a06ca1\" data-element_type=\"container\" data-e-type=\"container\">\n\t\t\t\t<div class=\"elementor-element elementor-element-04143c6 elementor-widget elementor-widget-heading\" data-id=\"04143c6\" data-element_type=\"widget\" data-e-type=\"widget\" data-widget_type=\"heading.default\">\n\t\t\t\t\t<h2 class=\"elementor-heading-title elementor-size-default\">Social inequalities and exclusion continue to affect thousands of people in highly vulnerable contexts, especially migrant populations and families with limited access to social, cultural, and educational opportunities.<\/h2>\t\t\t\t<\/div>\n\t\t\t\t<div class=\"elementor-element elementor-element-b671027 elementor-widget elementor-widget-text-editor\" data-id=\"b671027\" data-element_type=\"widget\" data-e-type=\"widget\" data-widget_type=\"text-editor.default\">\n\t\t\t\t\t\t\t\t\t<p>The Asociaci\u00f3n Vida Paz y Justicia works to promote social inclusion, human rights, and community strengthening through social, cultural, and educational projects that contribute to building fairer and more cohesive societies.<\/p>\t\t\t\t\t\t\t\t<\/div>\n\t\t\t\t\t    \t            <button class=\"e-243b3ae-b61ae86 e-button-base\" data-interaction-id=\"243b3ae\"  >\n            Learn about our approach\n        <\/button>\n    \t\t\t\t<\/div>\n\t\t\t\t\t<\/div>\n\t\t\t\t<\/div>\n\t\t\t\t<\/div>\n\t\t<div class=\"elementor-element elementor-element-664b83f e-con-full e-flex e-con e-parent\" data-id=\"664b83f\" data-element_type=\"container\" data-e-type=\"container\" data-settings=\"{&quot;background_background&quot;:&quot;classic&quot;}\">\n\t\t<div class=\"elementor-element elementor-element-b175e9e e-flex e-con-boxed e-con e-child\" data-id=\"b175e9e\" data-element_type=\"container\" data-e-type=\"container\">\n\t\t\t\t\t<div class=\"e-con-inner\">\n\t\t\t\t<div class=\"elementor-element elementor-element-29a373c elementor-widget elementor-widget-heading\" data-id=\"29a373c\" data-element_type=\"widget\" data-e-type=\"widget\" data-widget_type=\"heading.default\">\n\t\t\t\t\t<h1 class=\"elementor-heading-title elementor-size-default\">Our social impact<\/h1>\t\t\t\t<\/div>\n\t\t\t\t<div class=\"elementor-element elementor-element-8a6233e elementor-widget elementor-widget-text-editor\" data-id=\"8a6233e\" data-element_type=\"widget\" data-e-type=\"widget\" data-widget_type=\"text-editor.default\">\n\t\t\t\t\t\t\t\t\t<p data-start=\"424\" data-end=\"666\">Since 2022, the Asociaci\u00f3n Vida Paz y Justicia has been developing social, cultural, and community-based actions aimed at social inclusion and support for families in vulnerable situations, with special attention to migrant populations.<\/p>\t\t\t\t\t\t\t\t<\/div>\n\t\t\t\t\t<\/div>\n\t\t\t\t<\/div>\n\t\t<div class=\"elementor-element elementor-element-e494d5c e-grid e-con-boxed e-con e-child\" data-id=\"e494d5c\" data-element_type=\"container\" data-e-type=\"container\">\n\t\t\t\t\t<div class=\"e-con-inner\">\n\t\t\t\t<div class=\"elementor-element elementor-element-dcbf2e4 elementor-widget__width-initial elementor-widget elementor-widget-hfe-counter\" data-id=\"dcbf2e4\" data-element_type=\"widget\" data-e-type=\"widget\" data-widget_type=\"hfe-counter.default\">\n\t\t\t\t<div class=\"elementor-widget-container\">\n\t\t\t\t\t\n\t\t<div class=\"hfe-counter-wrapper\">\n\t\t\t<h1 class=\"hfe-counter-title\">People directly served<\/h1>\t\t\t<div class=\"hfe-counter-content\">\n\t\t\t\t<span class=\"hfe-counter-prefix\">+<\/span>\n\t\t\t\t<span class=\"hfe-counter-number\" data-start=\"0\" data-end=\"3846\" data-speed=\"2000\" data-separator=\",\">0<\/span>\n\t\t\t\t<span class=\"hfe-counter-suffix\"><\/span>\n\t\t\t<\/div>\n\t\t<\/div>\n\t\t\t\t\t\t<\/div>\n\t\t\t\t<\/div>\n\t\t\t\t<div class=\"elementor-element elementor-element-45ab449 elementor-widget__width-initial elementor-widget elementor-widget-hfe-counter\" data-id=\"45ab449\" data-element_type=\"widget\" data-e-type=\"widget\" data-widget_type=\"hfe-counter.default\">\n\t\t\t\t<div class=\"elementor-widget-container\">\n\t\t\t\t\t\n\t\t<div class=\"hfe-counter-wrapper\">\n\t\t\t<h1 class=\"hfe-counter-title\">Families supported<\/h1>\t\t\t<div class=\"hfe-counter-content\">\n\t\t\t\t<span class=\"hfe-counter-prefix\">+<\/span>\n\t\t\t\t<span class=\"hfe-counter-number\" data-start=\"0\" data-end=\"1100\" data-speed=\"2000\" data-separator=\",\">0<\/span>\n\t\t\t\t<span class=\"hfe-counter-suffix\"><\/span>\n\t\t\t<\/div>\n\t\t<\/div>\n\t\t\t\t\t\t<\/div>\n\t\t\t\t<\/div>\n\t\t\t\t<div class=\"elementor-element elementor-element-377cb21 elementor-widget__width-initial elementor-widget elementor-widget-hfe-counter\" data-id=\"377cb21\" data-element_type=\"widget\" data-e-type=\"widget\" data-widget_type=\"hfe-counter.default\">\n\t\t\t\t<div class=\"elementor-widget-container\">\n\t\t\t\t\t\n\t\t<div class=\"hfe-counter-wrapper\">\n\t\t\t<h1 class=\"hfe-counter-title\">Migrant population assisted<\/h1>\t\t\t<div class=\"hfe-counter-content\">\n\t\t\t\t<span class=\"hfe-counter-prefix\">+<\/span>\n\t\t\t\t<span class=\"hfe-counter-number\" data-start=\"0\" data-end=\"90\" data-speed=\"2000\" data-separator=\",\">0<\/span>\n\t\t\t\t<span class=\"hfe-counter-suffix\">%<\/span>\n\t\t\t<\/div>\n\t\t<\/div>\n\t\t\t\t\t\t<\/div>\n\t\t\t\t<\/div>\n\t\t\t\t<div class=\"elementor-element elementor-element-7751f2d elementor-widget__width-initial elementor-widget elementor-widget-hfe-counter\" data-id=\"7751f2d\" data-element_type=\"widget\" data-e-type=\"widget\" data-widget_type=\"hfe-counter.default\">\n\t\t\t\t<div class=\"elementor-widget-container\">\n\t\t\t\t\t\n\t\t<div class=\"hfe-counter-wrapper\">\n\t\t\t<h1 class=\"hfe-counter-title\">Families with children and adolescents<\/h1>\t\t\t<div class=\"hfe-counter-content\">\n\t\t\t\t<span class=\"hfe-counter-prefix\"><\/span>\n\t\t\t\t<span class=\"hfe-counter-number\" data-start=\"0\" data-end=\"100\" data-speed=\"2000\" data-separator=\",\">0<\/span>\n\t\t\t\t<span class=\"hfe-counter-suffix\">%<\/span>\n\t\t\t<\/div>\n\t\t<\/div>\n\t\t\t\t\t\t<\/div>\n\t\t\t\t<\/div>\n\t\t\t\t\t<\/div>\n\t\t\t\t<\/div>\n\t\t\t\t<\/div>\n\t\t<div class=\"elementor-element elementor-element-9a2be91 e-con-full e-flex e-con e-parent\" data-id=\"9a2be91\" data-element_type=\"container\" data-e-type=\"container\" data-settings=\"{&quot;background_background&quot;:&quot;classic&quot;,&quot;shape_divider_top&quot;:&quot;mountains&quot;,&quot;shape_divider_bottom&quot;:&quot;mountains&quot;}\">\n\t\t\t\t<div class=\"elementor-shape elementor-shape-top\" aria-hidden=\"true\" data-negative=\"false\">\n\t\t\t<svg xmlns=\"http:\/\/www.w3.org\/2000\/svg\" viewbox=\"0 0 1000 100\" preserveaspectratio=\"none\">\n\t<path class=\"elementor-shape-fill\" opacity=\"0.33\" d=\"M473,67.3c-203.9,88.3-263.1-34-320.3,0C66,119.1,0,59.7,0,59.7V0h1000v59.7 c0,0-62.1,26.1-94.9,29.3c-32.8,3.3-62.8-12.3-75.8-22.1C806,49.6,745.3,8.7,694.9,4.7S492.4,59,473,67.3z\"\/>\n\t<path class=\"elementor-shape-fill\" opacity=\"0.66\" d=\"M734,67.3c-45.5,0-77.2-23.2-129.1-39.1c-28.6-8.7-150.3-10.1-254,39.1 s-91.7-34.4-149.2,0C115.7,118.3,0,39.8,0,39.8V0h1000v36.5c0,0-28.2-18.5-92.1-18.5C810.2,18.1,775.7,67.3,734,67.3z\"\/>\n\t<path class=\"elementor-shape-fill\" d=\"M766.1,28.9c-200-57.5-266,65.5-395.1,19.5C242,1.8,242,5.4,184.8,20.6C128,35.8,132.3,44.9,89.9,52.5C28.6,63.7,0,0,0,0 h1000c0,0-9.9,40.9-83.6,48.1S829.6,47,766.1,28.9z\"\/>\n<\/svg>\t\t<\/div>\n\t\t\t\t<div class=\"elementor-shape elementor-shape-bottom\" aria-hidden=\"true\" data-negative=\"false\">\n\t\t\t<svg xmlns=\"http:\/\/www.w3.org\/2000\/svg\" viewbox=\"0 0 1000 100\" preserveaspectratio=\"none\">\n\t<path class=\"elementor-shape-fill\" opacity=\"0.33\" d=\"M473,67.3c-203.9,88.3-263.1-34-320.3,0C66,119.1,0,59.7,0,59.7V0h1000v59.7 c0,0-62.1,26.1-94.9,29.3c-32.8,3.3-62.8-12.3-75.8-22.1C806,49.6,745.3,8.7,694.9,4.7S492.4,59,473,67.3z\"\/>\n\t<path class=\"elementor-shape-fill\" opacity=\"0.66\" d=\"M734,67.3c-45.5,0-77.2-23.2-129.1-39.1c-28.6-8.7-150.3-10.1-254,39.1 s-91.7-34.4-149.2,0C115.7,118.3,0,39.8,0,39.8V0h1000v36.5c0,0-28.2-18.5-92.1-18.5C810.2,18.1,775.7,67.3,734,67.3z\"\/>\n\t<path class=\"elementor-shape-fill\" d=\"M766.1,28.9c-200-57.5-266,65.5-395.1,19.5C242,1.8,242,5.4,184.8,20.6C128,35.8,132.3,44.9,89.9,52.5C28.6,63.7,0,0,0,0 h1000c0,0-9.9,40.9-83.6,48.1S829.6,47,766.1,28.9z\"\/>\n<\/svg>\t\t<\/div>\n\t\t<div class=\"elementor-element elementor-element-1613083 e-grid e-con-boxed e-con e-child\" data-id=\"1613083\" data-element_type=\"container\" data-e-type=\"container\" data-settings=\"{&quot;background_background&quot;:&quot;classic&quot;}\">\n\t\t\t\t\t<div class=\"e-con-inner\">\n\t\t\t\t<div class=\"elementor-element elementor-element-c2e8c46 elementor-position-top elementor-widget elementor-widget-image-box\" data-id=\"c2e8c46\" data-element_type=\"widget\" data-e-type=\"widget\" data-widget_type=\"image-box.default\">\n\t\t\t\t\t<div class=\"elementor-image-box-wrapper\"><figure class=\"elementor-image-box-img\"><img fetchpriority=\"high\" decoding=\"async\" width=\"1244\" height=\"640\" src=\"https:\/\/vidapazyjusticia.org\/wp-content\/uploads\/2026\/04\/Entrega-de-Alimentos-con-el-BAI.jpg\" class=\"attachment-full size-full wp-image-245\" alt=\"Entrega de Alimentos con el BAI\" srcset=\"https:\/\/vidapazyjusticia.org\/wp-content\/uploads\/2026\/04\/Entrega-de-Alimentos-con-el-BAI.jpg 1244w, https:\/\/vidapazyjusticia.org\/wp-content\/uploads\/2026\/04\/Entrega-de-Alimentos-con-el-BAI-300x154.jpg 300w, https:\/\/vidapazyjusticia.org\/wp-content\/uploads\/2026\/04\/Entrega-de-Alimentos-con-el-BAI-1024x527.jpg 1024w, https:\/\/vidapazyjusticia.org\/wp-content\/uploads\/2026\/04\/Entrega-de-Alimentos-con-el-BAI-768x395.jpg 768w, https:\/\/vidapazyjusticia.org\/wp-content\/uploads\/2026\/04\/Entrega-de-Alimentos-con-el-BAI-18x9.jpg 18w\" sizes=\"(max-width: 1244px) 100vw, 1244px\" \/><\/figure><div class=\"elementor-image-box-content\"><h2 class=\"elementor-image-box-title\">Humanitarian support activities<\/h2><p class=\"elementor-image-box-description\">More than 32 food assistance sessions have been carried out, aimed at families in highly vulnerable situations.<\/p><\/div><\/div>\t\t\t\t<\/div>\n\t\t\t\t<div class=\"elementor-element elementor-element-9aaadc1 elementor-position-top elementor-widget elementor-widget-image-box\" data-id=\"9aaadc1\" data-element_type=\"widget\" data-e-type=\"widget\" data-widget_type=\"image-box.default\">\n\t\t\t\t\t<div class=\"elementor-image-box-wrapper\"><figure class=\"elementor-image-box-img\"><img decoding=\"async\" width=\"1080\" height=\"594\" src=\"https:\/\/vidapazyjusticia.org\/wp-content\/uploads\/2026\/04\/Cuadro-de-Ivan-Cepeda-en-Madrid.jpg\" class=\"attachment-full size-full wp-image-247\" alt=\"Cuadro de Ivan Cepeda en Madrid\" srcset=\"https:\/\/vidapazyjusticia.org\/wp-content\/uploads\/2026\/04\/Cuadro-de-Ivan-Cepeda-en-Madrid.jpg 1080w, https:\/\/vidapazyjusticia.org\/wp-content\/uploads\/2026\/04\/Cuadro-de-Ivan-Cepeda-en-Madrid-300x165.jpg 300w, https:\/\/vidapazyjusticia.org\/wp-content\/uploads\/2026\/04\/Cuadro-de-Ivan-Cepeda-en-Madrid-1024x563.jpg 1024w, https:\/\/vidapazyjusticia.org\/wp-content\/uploads\/2026\/04\/Cuadro-de-Ivan-Cepeda-en-Madrid-768x422.jpg 768w, https:\/\/vidapazyjusticia.org\/wp-content\/uploads\/2026\/04\/Cuadro-de-Ivan-Cepeda-en-Madrid-18x10.jpg 18w\" sizes=\"(max-width: 1080px) 100vw, 1080px\" \/><\/figure><div class=\"elementor-image-box-content\"><h2 class=\"elementor-image-box-title\">Cultural and educational activities<\/h2><p class=\"elementor-image-box-description\">8 artistic and cultural activities focused on social inclusion and intercultural coexistence.<\/p><\/div><\/div>\t\t\t\t<\/div>\n\t\t\t\t<div class=\"elementor-element elementor-element-79be234 elementor-position-top elementor-widget elementor-widget-image-box\" data-id=\"79be234\" data-element_type=\"widget\" data-e-type=\"widget\" data-widget_type=\"image-box.default\">\n\t\t\t\t\t<div class=\"elementor-image-box-wrapper\"><figure class=\"elementor-image-box-img\"><img decoding=\"async\" width=\"1238\" height=\"678\" src=\"https:\/\/vidapazyjusticia.org\/wp-content\/uploads\/2026\/04\/Musica-folclorica-colombiana-en-Madrid2.jpg\" class=\"attachment-full size-full wp-image-249\" alt=\"M\u00fasica folcl\u00f3rica colombiana en Madrid\" srcset=\"https:\/\/vidapazyjusticia.org\/wp-content\/uploads\/2026\/04\/Musica-folclorica-colombiana-en-Madrid2.jpg 1238w, https:\/\/vidapazyjusticia.org\/wp-content\/uploads\/2026\/04\/Musica-folclorica-colombiana-en-Madrid2-300x164.jpg 300w, https:\/\/vidapazyjusticia.org\/wp-content\/uploads\/2026\/04\/Musica-folclorica-colombiana-en-Madrid2-1024x561.jpg 1024w, https:\/\/vidapazyjusticia.org\/wp-content\/uploads\/2026\/04\/Musica-folclorica-colombiana-en-Madrid2-768x421.jpg 768w, https:\/\/vidapazyjusticia.org\/wp-content\/uploads\/2026\/04\/Musica-folclorica-colombiana-en-Madrid2-18x10.jpg 18w\" sizes=\"(max-width: 1238px) 100vw, 1238px\" \/><\/figure><div class=\"elementor-image-box-content\"><h2 class=\"elementor-image-box-title\">Music education<\/h2><p class=\"elementor-image-box-description\">The beginning of a music training process for children and young people, currently in a consolidation phase as a strategic line of cultural intervention.<\/p><\/div><\/div>\t\t\t\t<\/div>\n\t\t\t\t\t<\/div>\n\t\t\t\t<\/div>\n\t\t\t\t<\/div>\n\t\t<div class=\"elementor-element elementor-element-525b74d e-con-full e-flex e-con e-parent\" data-id=\"525b74d\" data-element_type=\"container\" data-e-type=\"container\" data-settings=\"{&quot;background_background&quot;:&quot;classic&quot;}\">\n\t\t\t\t\t    \t            <button class=\"e-3e9dea7-1b3ffdf e-button-base\" data-interaction-id=\"3e9dea7\"  >\n            <strong>Learn more about our impact<\/strong>\n        <\/button>\n    \t\t\t\t<\/div>\n\t\t<div class=\"elementor-element elementor-element-e4bbeba e-con-full e-flex e-con e-parent\" data-id=\"e4bbeba\" data-element_type=\"container\" data-e-type=\"container\" data-settings=\"{&quot;background_background&quot;:&quot;classic&quot;}\">\n\t\t<div class=\"elementor-element elementor-element-134eb20 e-flex e-con-boxed e-con e-child\" data-id=\"134eb20\" data-element_type=\"container\" data-e-type=\"container\">\n\t\t\t\t\t<div class=\"e-con-inner\">\n\t\t\t\t<div class=\"elementor-element elementor-element-db72eb0 elementor-widget elementor-widget-heading\" data-id=\"db72eb0\" data-element_type=\"widget\" data-e-type=\"widget\" data-widget_type=\"heading.default\">\n\t\t\t\t\t<h1 class=\"elementor-heading-title elementor-size-default\">Our areas of action<\/h1>\t\t\t\t<\/div>\n\t\t\t\t<div class=\"elementor-element elementor-element-04a06b8 elementor-widget elementor-widget-text-editor\" data-id=\"04a06b8\" data-element_type=\"widget\" data-e-type=\"widget\" data-widget_type=\"text-editor.default\">\n\t\t\t\t\t\t\t\t\t<p data-start=\"424\" data-end=\"665\">The Asociaci\u00f3n Vida Paz y Justicia develops social, cultural, and educational projects aimed at promoting social inclusion, human rights, and community strengthening, both at the local level and through international cooperation.<\/p>\t\t\t\t\t\t\t\t<\/div>\n\t\t\t\t\t<\/div>\n\t\t\t\t<\/div>\n\t\t<div class=\"elementor-element elementor-element-5a5ba71 e-grid e-con-boxed e-con e-child\" data-id=\"5a5ba71\" data-element_type=\"container\" data-e-type=\"container\">\n\t\t\t\t\t<div class=\"e-con-inner\">\n\t\t<div class=\"elementor-element elementor-element-69468e7 e-flex e-con-boxed e-con e-child\" data-id=\"69468e7\" data-element_type=\"container\" data-e-type=\"container\" data-settings=\"{&quot;background_background&quot;:&quot;classic&quot;}\">\n\t\t\t\t\t<div class=\"e-con-inner\">\n\t\t\t\t<div class=\"elementor-element elementor-element-0a47e69 elementor-widget elementor-widget-heading\" data-id=\"0a47e69\" data-element_type=\"widget\" data-e-type=\"widget\" data-widget_type=\"heading.default\">\n\t\t\t\t\t<h1 class=\"elementor-heading-title elementor-size-default\">Social Action and Humanitarian Support<\/h1>\t\t\t\t<\/div>\n\t\t\t\t<div class=\"elementor-element elementor-element-5a5f44b elementor-widget elementor-widget-text-editor\" data-id=\"5a5f44b\" data-element_type=\"widget\" data-e-type=\"widget\" data-widget_type=\"text-editor.default\">\n\t\t\t\t\t\t\t\t\t<p data-start=\"424\" data-end=\"665\">We carry out community support actions and humanitarian aid sessions for families in vulnerable situations, with special attention to migrant populations and households with children and adolescents.<\/p>\t\t\t\t\t\t\t\t<\/div>\n\t\t\t\t\t<\/div>\n\t\t\t\t<\/div>\n\t\t<div class=\"elementor-element elementor-element-fb8a346 e-flex e-con-boxed e-con e-child\" data-id=\"fb8a346\" data-element_type=\"container\" data-e-type=\"container\" data-settings=\"{&quot;background_background&quot;:&quot;classic&quot;}\">\n\t\t\t\t\t<div class=\"e-con-inner\">\n\t\t\t\t<div class=\"elementor-element elementor-element-0cc0f80 elementor-widget elementor-widget-heading\" data-id=\"0cc0f80\" data-element_type=\"widget\" data-e-type=\"widget\" data-widget_type=\"heading.default\">\n\t\t\t\t\t<h1 class=\"elementor-heading-title elementor-size-default\">Culture, Arts, and Education for Peace<\/h1>\t\t\t\t<\/div>\n\t\t\t\t<div class=\"elementor-element elementor-element-a92374b elementor-widget elementor-widget-text-editor\" data-id=\"a92374b\" data-element_type=\"widget\" data-e-type=\"widget\" data-widget_type=\"text-editor.default\">\n\t\t\t\t\t\t\t\t\t<p data-start=\"1256\" data-end=\"1274\">We promote artistic, cultural, and educational activities as tools for social inclusion, intercultural coexistence, and the integral development of children and young people.<\/p>\t\t\t\t\t\t\t\t<\/div>\n\t\t\t\t\t<\/div>\n\t\t\t\t<\/div>\n\t\t<div class=\"elementor-element elementor-element-4f00678 e-flex e-con-boxed e-con e-child\" data-id=\"4f00678\" data-element_type=\"container\" data-e-type=\"container\" data-settings=\"{&quot;background_background&quot;:&quot;classic&quot;}\">\n\t\t\t\t\t<div class=\"e-con-inner\">\n\t\t\t\t<div class=\"elementor-element elementor-element-f771e19 elementor-widget elementor-widget-heading\" data-id=\"f771e19\" data-element_type=\"widget\" data-e-type=\"widget\" data-widget_type=\"heading.default\">\n\t\t\t\t\t<h1 class=\"elementor-heading-title elementor-size-default\">Human Rights and Social Inclusion<\/h1>\t\t\t\t<\/div>\n\t\t\t\t<div class=\"elementor-element elementor-element-71cc460 elementor-widget elementor-widget-text-editor\" data-id=\"71cc460\" data-element_type=\"widget\" data-e-type=\"widget\" data-widget_type=\"text-editor.default\">\n\t\t\t\t\t\t\t\t\t<p data-start=\"1359\" data-end=\"1524\">We promote awareness, training, and community participation initiatives aimed at defending human rights, equality, and non-discrimination.<\/p>\t\t\t\t\t\t\t\t<\/div>\n\t\t\t\t\t<\/div>\n\t\t\t\t<\/div>\n\t\t<div class=\"elementor-element elementor-element-167b144 e-flex e-con-boxed e-con e-child\" data-id=\"167b144\" data-element_type=\"container\" data-e-type=\"container\" data-settings=\"{&quot;background_background&quot;:&quot;classic&quot;}\">\n\t\t\t\t\t<div class=\"e-con-inner\">\n\t\t\t\t<div class=\"elementor-element elementor-element-3efe87f elementor-widget elementor-widget-heading\" data-id=\"3efe87f\" data-element_type=\"widget\" data-e-type=\"widget\" data-widget_type=\"heading.default\">\n\t\t\t\t\t<h1 class=\"elementor-heading-title elementor-size-default\">International Cooperation<\/h1>\t\t\t\t<\/div>\n\t\t\t\t<div class=\"elementor-element elementor-element-37441cd elementor-widget elementor-widget-text-editor\" data-id=\"37441cd\" data-element_type=\"widget\" data-e-type=\"widget\" data-widget_type=\"text-editor.default\">\n\t\t\t\t\t\t\t\t\t<p data-start=\"1619\" data-end=\"1776\">We develop cooperation projects and international partnerships to support social, cultural, and educational initiatives in territories across Latin America.<\/p>\t\t\t\t\t\t\t\t<\/div>\n\t\t\t\t\t<\/div>\n\t\t\t\t<\/div>\n\t\t\t\t\t<\/div>\n\t\t\t\t<\/div>\n\t\t<div class=\"elementor-element elementor-element-722a75e e-flex e-con-boxed e-con e-child\" data-id=\"722a75e\" data-element_type=\"container\" data-e-type=\"container\">\n\t\t\t\t\t<div class=\"e-con-inner\">\n\t\t\t\t\t    \t            <button class=\"e-ad3f307-8d5e8c2 e-button-base\" data-interaction-id=\"ad3f307\"  >\n            <strong>Explore our programs<\/strong>\n        <\/button>\n    \t\t\t\t\t<\/div>\n\t\t\t\t<\/div>\n\t\t\t\t<\/div>\n\t\t<div class=\"elementor-element elementor-element-b4b0334 e-con-full e-flex e-con e-parent\" data-id=\"b4b0334\" data-element_type=\"container\" data-e-type=\"container\">\n\t\t\t\t<div class=\"elementor-element elementor-element-d652de2 elementor-pagination-position-inside elementor-arrows-position-inside elementor-widget elementor-widget-image-carousel\" data-id=\"d652de2\" data-element_type=\"widget\" data-e-type=\"widget\" data-settings=\"{&quot;autoplay_speed&quot;:100,&quot;speed&quot;:2500,&quot;image_spacing_custom&quot;:{&quot;unit&quot;:&quot;px&quot;,&quot;size&quot;:10,&quot;sizes&quot;:[]},&quot;navigation&quot;:&quot;both&quot;,&quot;autoplay&quot;:&quot;yes&quot;,&quot;pause_on_hover&quot;:&quot;yes&quot;,&quot;pause_on_interaction&quot;:&quot;yes&quot;,&quot;infinite&quot;:&quot;yes&quot;,&quot;image_spacing_custom_tablet&quot;:{&quot;unit&quot;:&quot;px&quot;,&quot;size&quot;:&quot;&quot;,&quot;sizes&quot;:[]},&quot;image_spacing_custom_mobile&quot;:{&quot;unit&quot;:&quot;px&quot;,&quot;size&quot;:&quot;&quot;,&quot;sizes&quot;:[]}}\" data-widget_type=\"image-carousel.default\">\n\t\t\t\t\t\t\t<div class=\"elementor-image-carousel-wrapper swiper\" role=\"region\" aria-roledescription=\"carousel\" aria-label=\"Carrusel de im\u00e1genes\" dir=\"ltr\">\n\t\t\t<div class=\"elementor-image-carousel swiper-wrapper\" aria-live=\"off\">\n\t\t\t\t\t\t\t\t<div class=\"swiper-slide\" role=\"group\" aria-roledescription=\"slide\" aria-label=\"1 of 13\"><figure class=\"swiper-slide-inner\"><img decoding=\"async\" class=\"swiper-slide-image\" src=\"https:\/\/vidapazyjusticia.org\/wp-content\/uploads\/2026\/04\/ENTREGA-DE-ALMIENTOS-VP-e1776159227562.jpeg\" alt=\"ENTREGA DE ALMIENTOS VP\" \/><\/figure><\/div><div class=\"swiper-slide\" role=\"group\" aria-roledescription=\"slide\" aria-label=\"2 of 13\"><figure class=\"swiper-slide-inner\"><img decoding=\"async\" class=\"swiper-slide-image\" src=\"https:\/\/vidapazyjusticia.org\/wp-content\/uploads\/2026\/04\/ACTIVIDADES-CON-LOS-NINOS-VPJ-e1776159245653.jpeg\" alt=\"ACTIVIDADES CON LOS NI\u00d1OS VPJ\" \/><\/figure><\/div><div class=\"swiper-slide\" role=\"group\" aria-roledescription=\"slide\" aria-label=\"3 of 13\"><figure class=\"swiper-slide-inner\"><img decoding=\"async\" class=\"swiper-slide-image\" src=\"https:\/\/vidapazyjusticia.org\/wp-content\/uploads\/2026\/04\/ENTREVISTA-A-LA-PRESIDENTA-MARY-MUNOZ-e1776159259561.jpeg\" alt=\"ENTREVISTA A LA PRESIDENTA MARY MU\u00d1OZ\" \/><\/figure><\/div><div class=\"swiper-slide\" role=\"group\" aria-roledescription=\"slide\" aria-label=\"4 of 13\"><figure class=\"swiper-slide-inner\"><img decoding=\"async\" class=\"swiper-slide-image\" src=\"https:\/\/vidapazyjusticia.org\/wp-content\/uploads\/2026\/04\/VPJ-ENCUENTROS-2-e1776159273590.jpeg\" alt=\"VPJ ENCUENTROS 2\" \/><\/figure><\/div><div class=\"swiper-slide\" role=\"group\" aria-roledescription=\"slide\" aria-label=\"5 of 13\"><figure class=\"swiper-slide-inner\"><img decoding=\"async\" class=\"swiper-slide-image\" src=\"https:\/\/vidapazyjusticia.org\/wp-content\/uploads\/2026\/04\/VPJ-ENCUENTROS-1-e1776159288767.jpg\" alt=\"VPJ ENCUENTROS 1\" \/><\/figure><\/div><div class=\"swiper-slide\" role=\"group\" aria-roledescription=\"slide\" aria-label=\"6 of 13\"><figure class=\"swiper-slide-inner\"><img decoding=\"async\" class=\"swiper-slide-image\" src=\"https:\/\/vidapazyjusticia.org\/wp-content\/uploads\/2026\/04\/Conferencia-VPJ-e1776159310795.jpg\" alt=\"Conferencia VPJ\" \/><\/figure><\/div><div class=\"swiper-slide\" role=\"group\" aria-roledescription=\"slide\" aria-label=\"7 of 13\"><figure class=\"swiper-slide-inner\"><img decoding=\"async\" class=\"swiper-slide-image\" src=\"https:\/\/vidapazyjusticia.org\/wp-content\/uploads\/2026\/04\/Fiesta-REYES-VPJ-3-e1776159365252.jpg\" alt=\"Fiesta REYES VPJ 3\" \/><\/figure><\/div><div class=\"swiper-slide\" role=\"group\" aria-roledescription=\"slide\" aria-label=\"8 of 13\"><figure class=\"swiper-slide-inner\"><img decoding=\"async\" class=\"swiper-slide-image\" src=\"https:\/\/vidapazyjusticia.org\/wp-content\/uploads\/2026\/04\/Fiesta-REYES-VPJ-2-e1776159380612.jpg\" alt=\"Fiesta REYES VPJ 2\" \/><\/figure><\/div><div class=\"swiper-slide\" role=\"group\" aria-roledescription=\"slide\" aria-label=\"9 of 13\"><figure class=\"swiper-slide-inner\"><img decoding=\"async\" class=\"swiper-slide-image\" src=\"https:\/\/vidapazyjusticia.org\/wp-content\/uploads\/2026\/04\/Fiesta-REYES-VPJ-1-e1776159395315.jpg\" alt=\"Fiesta REYES VPJ 1\" \/><\/figure><\/div><div class=\"swiper-slide\" role=\"group\" aria-roledescription=\"slide\" aria-label=\"10 of 13\"><figure class=\"swiper-slide-inner\"><img decoding=\"async\" class=\"swiper-slide-image\" src=\"https:\/\/vidapazyjusticia.org\/wp-content\/uploads\/2026\/04\/Batucada-VPJ-3-e1776159414371.jpg\" alt=\"Batucada VPJ 3\" \/><\/figure><\/div><div class=\"swiper-slide\" role=\"group\" aria-roledescription=\"slide\" aria-label=\"11 of 13\"><figure class=\"swiper-slide-inner\"><img decoding=\"async\" class=\"swiper-slide-image\" src=\"https:\/\/vidapazyjusticia.org\/wp-content\/uploads\/2026\/04\/Batucada-VPJ-2-e1776159438189.jpg\" alt=\"Batucada VPJ 2\" \/><\/figure><\/div><div class=\"swiper-slide\" role=\"group\" aria-roledescription=\"slide\" aria-label=\"12 of 13\"><figure class=\"swiper-slide-inner\"><img decoding=\"async\" class=\"swiper-slide-image\" src=\"https:\/\/vidapazyjusticia.org\/wp-content\/uploads\/2026\/04\/Batucada-VPJ-1-e1776159450778.jpg\" alt=\"Batucada VPJ 1\" \/><\/figure><\/div><div class=\"swiper-slide\" role=\"group\" aria-roledescription=\"slide\" aria-label=\"13 of 13\"><figure class=\"swiper-slide-inner\"><img decoding=\"async\" class=\"swiper-slide-image\" src=\"https:\/\/vidapazyjusticia.org\/wp-content\/uploads\/2026\/04\/Cabalgata-de-Reyes-VPJ-e1776159469318.jpg\" alt=\"Cabalgata de Reyes VPJ\" \/><\/figure><\/div>\t\t\t<\/div>\n\t\t\t\t\t\t\t\t\t\t\t\t<div class=\"elementor-swiper-button elementor-swiper-button-prev\" role=\"button\" tabindex=\"0\">\n\t\t\t\t\t\t<svg aria-hidden=\"true\" class=\"e-font-icon-svg e-eicon-chevron-left\" viewbox=\"0 0 1000 1000\" xmlns=\"http:\/\/www.w3.org\/2000\/svg\"><path d=\"M646 125C629 125 613 133 604 142L308 442C296 454 292 471 292 487 292 504 296 521 308 533L604 854C617 867 629 875 646 875 663 875 679 871 692 858 704 846 713 829 713 812 713 796 708 779 692 767L438 487 692 225C700 217 708 204 708 187 708 171 704 154 692 142 675 129 663 125 646 125Z\"><\/path><\/svg>\t\t\t\t\t<\/div>\n\t\t\t\t\t<div class=\"elementor-swiper-button elementor-swiper-button-next\" role=\"button\" tabindex=\"0\">\n\t\t\t\t\t\t<svg aria-hidden=\"true\" class=\"e-font-icon-svg e-eicon-chevron-right\" viewbox=\"0 0 1000 1000\" xmlns=\"http:\/\/www.w3.org\/2000\/svg\"><path d=\"M696 533C708 521 713 504 713 487 713 471 708 454 696 446L400 146C388 133 375 125 354 125 338 125 325 129 313 142 300 154 292 171 292 187 292 204 296 221 308 233L563 492 304 771C292 783 288 800 288 817 288 833 296 850 308 863 321 871 338 875 354 875 371 875 388 867 400 854L696 533Z\"><\/path><\/svg>\t\t\t\t\t<\/div>\n\t\t\t\t\n\t\t\t\t\t\t\t\t\t<div class=\"swiper-pagination\"><\/div>\n\t\t\t\t\t\t\t\t\t<\/div>\n\t\t\t\t\t\t<\/div>\n\t\t\t\t<\/div>\n\t\t<div class=\"elementor-element elementor-element-7ab1dfa e-flex e-con-boxed e-con e-parent\" data-id=\"7ab1dfa\" data-element_type=\"container\" data-e-type=\"container\" data-settings=\"{&quot;background_background&quot;:&quot;classic&quot;}\">\n\t\t\t\t\t<div class=\"e-con-inner\">\n\t\t<div class=\"elementor-element elementor-element-b7b29b4 e-con-full e-flex e-con e-child\" data-id=\"b7b29b4\" data-element_type=\"container\" data-e-type=\"container\">\n\t\t\t\t<div class=\"elementor-element elementor-element-4daa837 elementor-widget elementor-widget-heading\" data-id=\"4daa837\" data-element_type=\"widget\" data-e-type=\"widget\" data-widget_type=\"heading.default\">\n\t\t\t\t\t<h1 class=\"elementor-heading-title elementor-size-default\">Projects and Areas of Intervention<\/h1>\t\t\t\t<\/div>\n\t\t\t\t<div class=\"elementor-element elementor-element-0d0ed24 elementor-widget elementor-widget-text-editor\" data-id=\"0d0ed24\" data-element_type=\"widget\" data-e-type=\"widget\" data-widget_type=\"text-editor.default\">\n\t\t\t\t\t\t\t\t\t<p data-start=\"469\" data-end=\"751\">The Asociaci\u00f3n Vida Paz y Justicia develops social, cultural, and educational projects aimed at social inclusion and community strengthening, with local intervention in Madrid and a progressive projection toward international cooperation initiatives in Latin America.<\/p>\t\t\t\t\t\t\t\t<\/div>\n\t\t<div class=\"elementor-element elementor-element-0cb81c5 e-grid e-con-full e-con e-child\" data-id=\"0cb81c5\" data-element_type=\"container\" data-e-type=\"container\">\n\t\t\t\t<div class=\"elementor-element elementor-element-0d42aeb elementor-view-default elementor-position-block-start elementor-mobile-position-block-start elementor-widget elementor-widget-icon-box\" data-id=\"0d42aeb\" data-element_type=\"widget\" data-e-type=\"widget\" data-widget_type=\"icon-box.default\">\n\t\t\t\t\t\t\t<div class=\"elementor-icon-box-wrapper\">\n\n\t\t\t\t\t\t<div class=\"elementor-icon-box-icon\">\n\t\t\t\t<span  class=\"elementor-icon\">\n\t\t\t\t<svg aria-hidden=\"true\" class=\"e-font-icon-svg e-far-handshake\" viewbox=\"0 0 640 512\" xmlns=\"http:\/\/www.w3.org\/2000\/svg\"><path d=\"M519.2 127.9l-47.6-47.6A56.252 56.252 0 0 0 432 64H205.2c-14.8 0-29.1 5.9-39.6 16.3L118 127.9H0v255.7h64c17.6 0 31.8-14.2 31.9-31.7h9.1l84.6 76.4c30.9 25.1 73.8 25.7 105.6 3.8 12.5 10.8 26 15.9 41.1 15.9 18.2 0 35.3-7.4 48.8-24 22.1 8.7 48.2 2.6 64-16.8l26.2-32.3c5.6-6.9 9.1-14.8 10.9-23h57.9c.1 17.5 14.4 31.7 31.9 31.7h64V127.9H519.2zM48 351.6c-8.8 0-16-7.2-16-16s7.2-16 16-16 16 7.2 16 16c0 8.9-7.2 16-16 16zm390-6.9l-26.1 32.2c-2.8 3.4-7.8 4-11.3 1.2l-23.9-19.4-30 36.5c-6 7.3-15 4.8-18 2.4l-36.8-31.5-15.6 19.2c-13.9 17.1-39.2 19.7-55.3 6.6l-97.3-88H96V175.8h41.9l61.7-61.6c2-.8 3.7-1.5 5.7-2.3H262l-38.7 35.5c-29.4 26.9-31.1 72.3-4.4 101.3 14.8 16.2 61.2 41.2 101.5 4.4l8.2-7.5 108.2 87.8c3.4 2.8 3.9 7.9 1.2 11.3zm106-40.8h-69.2c-2.3-2.8-4.9-5.4-7.7-7.7l-102.7-83.4 12.5-11.4c6.5-6 7-16.1 1-22.6L367 167.1c-6-6.5-16.1-6.9-22.6-1l-55.2 50.6c-9.5 8.7-25.7 9.4-34.6 0-9.3-9.9-8.5-25.1 1.2-33.9l65.6-60.1c7.4-6.8 17-10.5 27-10.5l83.7-.2c2.1 0 4.1.8 5.5 2.3l61.7 61.6H544v128zm48 47.7c-8.8 0-16-7.2-16-16s7.2-16 16-16 16 7.2 16 16c0 8.9-7.2 16-16 16z\"><\/path><\/svg>\t\t\t\t<\/span>\n\t\t\t<\/div>\n\t\t\t\n\t\t\t\t\t\t<div class=\"elementor-icon-box-content\">\n\n\t\t\t\t\t\t\t\t\t<h3 class=\"elementor-icon-box-title\">\n\t\t\t\t\t\t<span  >\n\t\t\t\t\t\t\tSocial intervention and community support\t\t\t\t\t\t<\/span>\n\t\t\t\t\t<\/h3>\n\t\t\t\t\n\t\t\t\t\t\t\t\t\t<p class=\"elementor-icon-box-description\">\n\t\t\t\t\t\tSocial actions and humanitarian aid sessions for families in vulnerable situations, with special attention to migrant populations and households with children and adolescents.\t\t\t\t\t<\/p>\n\t\t\t\t\n\t\t\t<\/div>\n\t\t\t\n\t\t<\/div>\n\t\t\t\t\t\t<\/div>\n\t\t\t\t<div class=\"elementor-element elementor-element-df1b808 elementor-view-default elementor-position-block-start elementor-mobile-position-block-start elementor-widget elementor-widget-icon-box\" data-id=\"df1b808\" data-element_type=\"widget\" data-e-type=\"widget\" data-widget_type=\"icon-box.default\">\n\t\t\t\t\t\t\t<div class=\"elementor-icon-box-wrapper\">\n\n\t\t\t\t\t\t<div class=\"elementor-icon-box-icon\">\n\t\t\t\t<span  class=\"elementor-icon\">\n\t\t\t\t<svg aria-hidden=\"true\" class=\"e-font-icon-svg e-fas-school\" viewbox=\"0 0 640 512\" xmlns=\"http:\/\/www.w3.org\/2000\/svg\"><path d=\"M0 224v272c0 8.84 7.16 16 16 16h80V192H32c-17.67 0-32 14.33-32 32zm360-48h-24v-40c0-4.42-3.58-8-8-8h-16c-4.42 0-8 3.58-8 8v64c0 4.42 3.58 8 8 8h48c4.42 0 8-3.58 8-8v-16c0-4.42-3.58-8-8-8zm137.75-63.96l-160-106.67a32.02 32.02 0 0 0-35.5 0l-160 106.67A32.002 32.002 0 0 0 128 138.66V512h128V368c0-8.84 7.16-16 16-16h96c8.84 0 16 7.16 16 16v144h128V138.67c0-10.7-5.35-20.7-14.25-26.63zM320 256c-44.18 0-80-35.82-80-80s35.82-80 80-80 80 35.82 80 80-35.82 80-80 80zm288-64h-64v320h80c8.84 0 16-7.16 16-16V224c0-17.67-14.33-32-32-32z\"><\/path><\/svg>\t\t\t\t<\/span>\n\t\t\t<\/div>\n\t\t\t\n\t\t\t\t\t\t<div class=\"elementor-icon-box-content\">\n\n\t\t\t\t\t\t\t\t\t<h3 class=\"elementor-icon-box-title\">\n\t\t\t\t\t\t<span  >\n\t\t\t\t\t\t\tCulture and education for inclusion\t\t\t\t\t\t<\/span>\n\t\t\t\t\t<\/h3>\n\t\t\t\t\n\t\t\t\t\t\t\t\t\t<p class=\"elementor-icon-box-description\">\n\t\t\t\t\t\tDevelopment of cultural, artistic, and educational activities focused on intercultural coexistence, social inclusion, and the holistic development of children and young people.\t\t\t\t\t<\/p>\n\t\t\t\t\n\t\t\t<\/div>\n\t\t\t\n\t\t<\/div>\n\t\t\t\t\t\t<\/div>\n\t\t\t\t<div class=\"elementor-element elementor-element-477e921 elementor-view-default elementor-position-block-start elementor-mobile-position-block-start elementor-widget elementor-widget-icon-box\" data-id=\"477e921\" data-element_type=\"widget\" data-e-type=\"widget\" data-widget_type=\"icon-box.default\">\n\t\t\t\t\t\t\t<div class=\"elementor-icon-box-wrapper\">\n\n\t\t\t\t\t\t<div class=\"elementor-icon-box-icon\">\n\t\t\t\t<span  class=\"elementor-icon\">\n\t\t\t\t<svg aria-hidden=\"true\" class=\"e-font-icon-svg e-fas-plane-departure\" viewbox=\"0 0 640 512\" xmlns=\"http:\/\/www.w3.org\/2000\/svg\"><path d=\"M624 448H16c-8.84 0-16 7.16-16 16v32c0 8.84 7.16 16 16 16h608c8.84 0 16-7.16 16-16v-32c0-8.84-7.16-16-16-16zM80.55 341.27c6.28 6.84 15.1 10.72 24.33 10.71l130.54-.18a65.62 65.62 0 0 0 29.64-7.12l290.96-147.65c26.74-13.57 50.71-32.94 67.02-58.31 18.31-28.48 20.3-49.09 13.07-63.65-7.21-14.57-24.74-25.27-58.25-27.45-29.85-1.94-59.54 5.92-86.28 19.48l-98.51 49.99-218.7-82.06a17.799 17.799 0 0 0-18-1.11L90.62 67.29c-10.67 5.41-13.25 19.65-5.17 28.53l156.22 98.1-103.21 52.38-72.35-36.47a17.804 17.804 0 0 0-16.07.02L9.91 230.22c-10.44 5.3-13.19 19.12-5.57 28.08l76.21 82.97z\"><\/path><\/svg>\t\t\t\t<\/span>\n\t\t\t<\/div>\n\t\t\t\n\t\t\t\t\t\t<div class=\"elementor-icon-box-content\">\n\n\t\t\t\t\t\t\t\t\t<h3 class=\"elementor-icon-box-title\">\n\t\t\t\t\t\t<span  >\n\t\t\t\t\t\t\tInternational cooperation\t\t\t\t\t\t<\/span>\n\t\t\t\t\t<\/h3>\n\t\t\t\t\n\t\t\t\t\t\t\t\t\t<p class=\"elementor-icon-box-description\">\n\t\t\t\t\t\tDesign and development of projects and partnerships aimed at supporting social, cultural, and educational initiatives in Latin American territories, especially in Colombia.\t\t\t\t\t<\/p>\n\t\t\t\t\n\t\t\t<\/div>\n\t\t\t\n\t\t<\/div>\n\t\t\t\t\t\t<\/div>\n\t\t\t\t<\/div>\n\t\t\t\t\t    \t            <button class=\"e-5d190e4-c904b4a e-button-base\" data-interaction-id=\"5d190e4\"  >\n            <strong>Learn about our projects<\/strong>\n        <\/button>\n    \t\t\t\t<\/div>\n\t\t\t\t\t<\/div>\n\t\t\t\t<\/div>\n\t\t<div class=\"elementor-element elementor-element-a96410e e-flex e-con-boxed e-con e-parent\" data-id=\"a96410e\" data-element_type=\"container\" data-e-type=\"container\">\n\t\t\t\t\t<div class=\"e-con-inner\">\n\t\t<div class=\"elementor-element elementor-element-e25c7c7 e-con-full e-flex e-con e-child\" data-id=\"e25c7c7\" data-element_type=\"container\" data-e-type=\"container\">\n\t\t\t\t<div class=\"elementor-element elementor-element-89d1c42 elementor-widget elementor-widget-heading\" data-id=\"89d1c42\" data-element_type=\"widget\" data-e-type=\"widget\" data-widget_type=\"heading.default\">\n\t\t\t\t\t<h1 class=\"elementor-heading-title elementor-size-default\">Partnerships that make impact possible<\/h1>\t\t\t\t<\/div>\n\t\t\t\t<div class=\"elementor-element elementor-element-f7e49d1 elementor-widget elementor-widget-text-editor\" data-id=\"f7e49d1\" data-element_type=\"widget\" data-e-type=\"widget\" data-widget_type=\"text-editor.default\">\n\t\t\t\t\t\t\t\t\t<p data-start=\"401\" data-end=\"608\">We believe in collaborative work. That is why we coordinate efforts with social organizations, institutions, and partners who share our vision of inclusion, community development, and peacebuilding.<\/p>\t\t\t\t\t\t\t\t<\/div>\n\t\t<div class=\"elementor-element elementor-element-54ccbb8 e-grid e-con-full e-con e-child\" data-id=\"54ccbb8\" data-element_type=\"container\" data-e-type=\"container\">\n\t\t\t\t<div class=\"elementor-element elementor-element-d9ef282 elementor-widget elementor-widget-image\" data-id=\"d9ef282\" data-element_type=\"widget\" data-e-type=\"widget\" data-widget_type=\"image.default\">\n\t\t\t\t\t\t\t\t\t\t\t\t<figure class=\"wp-caption\">\n\t\t\t\t\t\t\t\t\t\t\t<a href=\"https:\/\/filarmonicadesantander.com\/\" target=\"_blank\" rel=\"noopener\">\n\t\t\t\t\t\t\t<img loading=\"lazy\" decoding=\"async\" width=\"300\" height=\"60\" src=\"https:\/\/vidapazyjusticia.org\/wp-content\/uploads\/2026\/04\/LOGO-FFS-COLOR-22-300x60.png\" class=\"elementor-animation-grow attachment-medium size-medium wp-image-301\" alt=\"Logo de la Fundaci\u00f3n Filarm\u00f3nica de Santander Colombia\" srcset=\"https:\/\/vidapazyjusticia.org\/wp-content\/uploads\/2026\/04\/LOGO-FFS-COLOR-22-300x60.png 300w, https:\/\/vidapazyjusticia.org\/wp-content\/uploads\/2026\/04\/LOGO-FFS-COLOR-22-1024x206.png 1024w, https:\/\/vidapazyjusticia.org\/wp-content\/uploads\/2026\/04\/LOGO-FFS-COLOR-22-768x155.png 768w, https:\/\/vidapazyjusticia.org\/wp-content\/uploads\/2026\/04\/LOGO-FFS-COLOR-22-1536x309.png 1536w, https:\/\/vidapazyjusticia.org\/wp-content\/uploads\/2026\/04\/LOGO-FFS-COLOR-22-2048x413.png 2048w, https:\/\/vidapazyjusticia.org\/wp-content\/uploads\/2026\/04\/LOGO-FFS-COLOR-22-18x4.png 18w\" sizes=\"(max-width: 300px) 100vw, 300px\" \/>\t\t\t\t\t\t\t\t<\/a>\n\t\t\t\t\t\t\t\t\t\t\t<figcaption class=\"widget-image-caption wp-caption-text\"><\/figcaption>\n\t\t\t\t\t\t\t\t\t\t<\/figure>\n\t\t\t\t\t\t\t\t\t<\/div>\n\t\t\t\t<div class=\"elementor-element elementor-element-3088aa9 elementor-widget elementor-widget-image\" data-id=\"3088aa9\" data-element_type=\"widget\" data-e-type=\"widget\" data-widget_type=\"image.default\">\n\t\t\t\t\t\t\t\t\t\t\t\t<figure class=\"wp-caption\">\n\t\t\t\t\t\t\t\t\t\t\t<a href=\"https:\/\/bancodealimentosinfantiles.org\/\" target=\"_blank\" rel=\"noopener\">\n\t\t\t\t\t\t\t<img loading=\"lazy\" decoding=\"async\" width=\"300\" height=\"127\" src=\"https:\/\/vidapazyjusticia.org\/wp-content\/uploads\/2026\/04\/LOGO-BANCO-DE-ALIMENTOS-INFANTILES-DE-ESPANA-REDONDO-BUENO-300x127.jpg\" class=\"elementor-animation-grow attachment-medium size-medium wp-image-299\" alt=\"LOGO BANCO DE ALIMENTOS INFANTILES DE ESPA\u00d1A-REDONDO-BUENO\" srcset=\"https:\/\/vidapazyjusticia.org\/wp-content\/uploads\/2026\/04\/LOGO-BANCO-DE-ALIMENTOS-INFANTILES-DE-ESPANA-REDONDO-BUENO-300x127.jpg 300w, https:\/\/vidapazyjusticia.org\/wp-content\/uploads\/2026\/04\/LOGO-BANCO-DE-ALIMENTOS-INFANTILES-DE-ESPANA-REDONDO-BUENO-18x8.jpg 18w, https:\/\/vidapazyjusticia.org\/wp-content\/uploads\/2026\/04\/LOGO-BANCO-DE-ALIMENTOS-INFANTILES-DE-ESPANA-REDONDO-BUENO.jpg 764w\" sizes=\"(max-width: 300px) 100vw, 300px\" \/>\t\t\t\t\t\t\t\t<\/a>\n\t\t\t\t\t\t\t\t\t\t\t<figcaption class=\"widget-image-caption wp-caption-text\"><\/figcaption>\n\t\t\t\t\t\t\t\t\t\t<\/figure>\n\t\t\t\t\t\t\t\t\t<\/div>\n\t\t\t\t<div class=\"elementor-element elementor-element-8e8534f elementor-widget elementor-widget-image\" data-id=\"8e8534f\" data-element_type=\"widget\" data-e-type=\"widget\" data-widget_type=\"image.default\">\n\t\t\t\t\t\t\t\t\t\t\t\t<figure class=\"wp-caption\">\n\t\t\t\t\t\t\t\t\t\t\t<a href=\"https:\/\/reyesmagosdeverdad.org\/conocenos.html\" target=\"_blank\" rel=\"noopener\">\n\t\t\t\t\t\t\t<img loading=\"lazy\" decoding=\"async\" width=\"300\" height=\"111\" src=\"https:\/\/vidapazyjusticia.org\/wp-content\/uploads\/2026\/04\/Logo-Reyes-Magos-de-Verdad-300x111.png\" class=\"elementor-animation-grow attachment-medium size-medium wp-image-300\" alt=\"Logo Reyes Magos de Verdad\" srcset=\"https:\/\/vidapazyjusticia.org\/wp-content\/uploads\/2026\/04\/Logo-Reyes-Magos-de-Verdad-300x111.png 300w, https:\/\/vidapazyjusticia.org\/wp-content\/uploads\/2026\/04\/Logo-Reyes-Magos-de-Verdad-18x7.png 18w, https:\/\/vidapazyjusticia.org\/wp-content\/uploads\/2026\/04\/Logo-Reyes-Magos-de-Verdad.png 346w\" sizes=\"(max-width: 300px) 100vw, 300px\" \/>\t\t\t\t\t\t\t\t<\/a>\n\t\t\t\t\t\t\t\t\t\t\t<figcaption class=\"widget-image-caption wp-caption-text\"><\/figcaption>\n\t\t\t\t\t\t\t\t\t\t<\/figure>\n\t\t\t\t\t\t\t\t\t<\/div>\n\t\t\t\t<\/div>\n\t\t\t\t\t    \t            <button class=\"e-8dd49d6-77ac56b e-button-base\" data-interaction-id=\"8dd49d6\"  >\n            <strong>Become a partner<\/strong>\n        <\/button>\n    \t\t\t\t<\/div>\n\t\t\t\t\t<\/div>\n\t\t\t\t<\/div>\n\t\t<div class=\"elementor-element elementor-element-18ab8d3 e-flex e-con-boxed e-con e-parent\" data-id=\"18ab8d3\" data-element_type=\"container\" data-e-type=\"container\" data-settings=\"{&quot;background_background&quot;:&quot;classic&quot;}\">\n\t\t\t\t\t<div class=\"e-con-inner\">\n\t\t<div class=\"elementor-element elementor-element-14e7ba9 e-con-full e-flex e-con e-child\" data-id=\"14e7ba9\" data-element_type=\"container\" data-e-type=\"container\">\n\t\t\t\t<div class=\"elementor-element elementor-element-cdab929 elementor-widget elementor-widget-heading\" data-id=\"cdab929\" data-element_type=\"widget\" data-e-type=\"widget\" data-widget_type=\"heading.default\">\n\t\t\t\t\t<h1 class=\"elementor-heading-title elementor-size-default\">You can also be part of the change<\/h1>\t\t\t\t<\/div>\n\t\t\t\t<div class=\"elementor-element elementor-element-c50b323 elementor-widget elementor-widget-text-editor\" data-id=\"c50b323\" data-element_type=\"widget\" data-e-type=\"widget\" data-widget_type=\"text-editor.default\">\n\t\t\t\t\t\t\t\t\t<p data-start=\"401\" data-end=\"608\">Every contribution strengthens our social, cultural, and educational programs. There are different ways to support the work of the Asociaci\u00f3n Vida Paz y Justicia and contribute to the wellbeing of many families.<\/p>\t\t\t\t\t\t\t\t<\/div>\n\t\t<div class=\"elementor-element elementor-element-7e8aa5c e-grid e-con-full e-con e-child\" data-id=\"7e8aa5c\" data-element_type=\"container\" data-e-type=\"container\">\n\t\t\t\t<div class=\"elementor-element elementor-element-73f99db elementor-widget elementor-widget-hfe-infocard\" data-id=\"73f99db\" data-element_type=\"widget\" data-e-type=\"widget\" data-widget_type=\"hfe-infocard.default\">\n\t\t\t\t<div class=\"elementor-widget-container\">\n\t\t\t\t\t\n\t\t<div class=\"hfe-infocard\">\n\t\t\t\t\t\t<div class=\"hfe-icon-wrap\">\n\t\t\t\t<span class=\"hfe-icon\">\n\t\t\t\t\t<svg aria-hidden=\"true\" class=\"e-font-icon-svg e-fas-donate\" viewbox=\"0 0 512 512\" xmlns=\"http:\/\/www.w3.org\/2000\/svg\"><path d=\"M256 416c114.9 0 208-93.1 208-208S370.9 0 256 0 48 93.1 48 208s93.1 208 208 208zM233.8 97.4V80.6c0-9.2 7.4-16.6 16.6-16.6h11.1c9.2 0 16.6 7.4 16.6 16.6v17c15.5.8 30.5 6.1 43 15.4 5.6 4.1 6.2 12.3 1.2 17.1L306 145.6c-3.8 3.7-9.5 3.8-14 1-5.4-3.4-11.4-5.1-17.8-5.1h-38.9c-9 0-16.3 8.2-16.3 18.3 0 8.2 5 15.5 12.1 17.6l62.3 18.7c25.7 7.7 43.7 32.4 43.7 60.1 0 34-26.4 61.5-59.1 62.4v16.8c0 9.2-7.4 16.6-16.6 16.6h-11.1c-9.2 0-16.6-7.4-16.6-16.6v-17c-15.5-.8-30.5-6.1-43-15.4-5.6-4.1-6.2-12.3-1.2-17.1l16.3-15.5c3.8-3.7 9.5-3.8 14-1 5.4 3.4 11.4 5.1 17.8 5.1h38.9c9 0 16.3-8.2 16.3-18.3 0-8.2-5-15.5-12.1-17.6l-62.3-18.7c-25.7-7.7-43.7-32.4-43.7-60.1.1-34 26.4-61.5 59.1-62.4zM480 352h-32.5c-19.6 26-44.6 47.7-73 64h63.8c5.3 0 9.6 3.6 9.6 8v16c0 4.4-4.3 8-9.6 8H73.6c-5.3 0-9.6-3.6-9.6-8v-16c0-4.4 4.3-8 9.6-8h63.8c-28.4-16.3-53.3-38-73-64H32c-17.7 0-32 14.3-32 32v96c0 17.7 14.3 32 32 32h448c17.7 0 32-14.3 32-32v-96c0-17.7-14.3-32-32-32z\"><\/path><\/svg>\t\t\t\t<\/span>\n\t\t\t<\/div>\n\t\t\t\t\t\t\t\t\t<div class=\"hfe-infocard-title-wrap\">\n\t\t\t\t<h2 class=\"hfe-infocard-title elementor-inline-editing\" data-elementor-setting-key=\"infocard_title\" data-elementor-inline-editing-toolbar=\"basic\" >Donate<\/h2>\t\t\t<\/div>\n\t\t\t\t\t\t<div class=\"hfe-infocard-text-wrap\">\n\t\t\t\t<div class=\"hfe-infocard-text elementor-inline-editing\" data-elementor-setting-key=\"infocard_description\" data-elementor-inline-editing-toolbar=\"advanced\">\n\t\t\t\t\tYour contribution helps strengthen our social programs, community outreach activities, and initiatives aimed at children, youth, and families.\t\t\t\t<\/div>\n\t\t\t\t\t\t\t<div class=\"hfe-button-wrapper elementor-widget-button\">\n\t\t\t\t<a href=\"#\" class=\"elementor-button-link elementor-button elementor-size-sm\">\n\t\t\t\t\t<span class=\"elementor-button-text elementor-inline-editing\"  data-elementor-setting-key=\"infocard_button_text\" data-elementor-inline-editing-toolbar=\"none\">Click here<\/span>\n\t\t\t\t<\/a>\n\t\t\t<\/div>\n\t\t\t\t\t\t<\/div>\n\t\t<\/div>\n\n\t\t\t\t\t\t<\/div>\n\t\t\t\t<\/div>\n\t\t\t\t<div class=\"elementor-element elementor-element-baef023 elementor-widget elementor-widget-hfe-infocard\" data-id=\"baef023\" data-element_type=\"widget\" data-e-type=\"widget\" data-widget_type=\"hfe-infocard.default\">\n\t\t\t\t<div class=\"elementor-widget-container\">\n\t\t\t\t\t\n\t\t<div class=\"hfe-infocard\">\n\t\t\t\t\t\t<div class=\"hfe-icon-wrap\">\n\t\t\t\t<span class=\"hfe-icon\">\n\t\t\t\t\t<svg aria-hidden=\"true\" class=\"e-font-icon-svg e-fas-people-carry\" viewbox=\"0 0 640 512\" xmlns=\"http:\/\/www.w3.org\/2000\/svg\"><path d=\"M128 96c26.5 0 48-21.5 48-48S154.5 0 128 0 80 21.5 80 48s21.5 48 48 48zm384 0c26.5 0 48-21.5 48-48S538.5 0 512 0s-48 21.5-48 48 21.5 48 48 48zm125.7 372.1l-44-110-41.1 46.4-2 18.2 27.7 69.2c5 12.5 17 20.1 29.7 20.1 4 0 8-.7 11.9-2.3 16.4-6.6 24.4-25.2 17.8-41.6zm-34.2-209.8L585 178.1c-4.6-20-18.6-36.8-37.5-44.9-18.5-8-39-6.7-56.1 3.3-22.7 13.4-39.7 34.5-48.1 59.4L432 229.8 416 240v-96c0-8.8-7.2-16-16-16H240c-8.8 0-16 7.2-16 16v96l-16.1-10.2-11.3-33.9c-8.3-25-25.4-46-48.1-59.4-17.2-10-37.6-11.3-56.1-3.3-18.9 8.1-32.9 24.9-37.5 44.9l-18.4 80.2c-4.6 20 .7 41.2 14.4 56.7l67.2 75.9 10.1 92.6C130 499.8 143.8 512 160 512c1.2 0 2.3-.1 3.5-.2 17.6-1.9 30.2-17.7 28.3-35.3l-10.1-92.8c-1.5-13-6.9-25.1-15.6-35l-43.3-49 17.6-70.3 6.8 20.4c4.1 12.5 11.9 23.4 24.5 32.6l51.1 32.5c4.6 2.9 12.1 4.6 17.2 5h160c5.1-.4 12.6-2.1 17.2-5l51.1-32.5c12.6-9.2 20.4-20 24.5-32.6l6.8-20.4 17.6 70.3-43.3 49c-8.7 9.9-14.1 22-15.6 35l-10.1 92.8c-1.9 17.6 10.8 33.4 28.3 35.3 1.2.1 2.3.2 3.5.2 16.1 0 30-12.1 31.8-28.5l10.1-92.6 67.2-75.9c13.6-15.5 19-36.7 14.4-56.7zM46.3 358.1l-44 110c-6.6 16.4 1.4 35 17.8 41.6 16.8 6.6 35.1-1.7 41.6-17.8l27.7-69.2-2-18.2-41.1-46.4z\"><\/path><\/svg>\t\t\t\t<\/span>\n\t\t\t<\/div>\n\t\t\t\t\t\t\t\t\t<div class=\"hfe-infocard-title-wrap\">\n\t\t\t\t<h2 class=\"hfe-infocard-title elementor-inline-editing\" data-elementor-setting-key=\"infocard_title\" data-elementor-inline-editing-toolbar=\"basic\" >Volunteer<\/h2>\t\t\t<\/div>\n\t\t\t\t\t\t<div class=\"hfe-infocard-text-wrap\">\n\t\t\t\t<div class=\"hfe-infocard-text elementor-inline-editing\" data-elementor-setting-key=\"infocard_description\" data-elementor-inline-editing-toolbar=\"advanced\">\n\t\t\t\t\tCommitted individuals can join our social, educational, and cultural initiatives by contributing their time and knowledge.\t\t\t\t<\/div>\n\t\t\t\t\t\t\t<div class=\"hfe-button-wrapper elementor-widget-button\">\n\t\t\t\t<a href=\"#\" class=\"elementor-button-link elementor-button elementor-size-sm\">\n\t\t\t\t\t<span class=\"elementor-button-text elementor-inline-editing\"  data-elementor-setting-key=\"infocard_button_text\" data-elementor-inline-editing-toolbar=\"none\">Click here<\/span>\n\t\t\t\t<\/a>\n\t\t\t<\/div>\n\t\t\t\t\t\t<\/div>\n\t\t<\/div>\n\n\t\t\t\t\t\t<\/div>\n\t\t\t\t<\/div>\n\t\t\t\t<div class=\"elementor-element elementor-element-0f5ef80 elementor-widget elementor-widget-hfe-infocard\" data-id=\"0f5ef80\" data-element_type=\"widget\" data-e-type=\"widget\" data-widget_type=\"hfe-infocard.default\">\n\t\t\t\t<div class=\"elementor-widget-container\">\n\t\t\t\t\t\n\t\t<div class=\"hfe-infocard\">\n\t\t\t\t\t\t<div class=\"hfe-icon-wrap\">\n\t\t\t\t<span class=\"hfe-icon\">\n\t\t\t\t\t<svg aria-hidden=\"true\" class=\"e-font-icon-svg e-fas-building\" viewbox=\"0 0 448 512\" xmlns=\"http:\/\/www.w3.org\/2000\/svg\"><path d=\"M436 480h-20V24c0-13.255-10.745-24-24-24H56C42.745 0 32 10.745 32 24v456H12c-6.627 0-12 5.373-12 12v20h448v-20c0-6.627-5.373-12-12-12zM128 76c0-6.627 5.373-12 12-12h40c6.627 0 12 5.373 12 12v40c0 6.627-5.373 12-12 12h-40c-6.627 0-12-5.373-12-12V76zm0 96c0-6.627 5.373-12 12-12h40c6.627 0 12 5.373 12 12v40c0 6.627-5.373 12-12 12h-40c-6.627 0-12-5.373-12-12v-40zm52 148h-40c-6.627 0-12-5.373-12-12v-40c0-6.627 5.373-12 12-12h40c6.627 0 12 5.373 12 12v40c0 6.627-5.373 12-12 12zm76 160h-64v-84c0-6.627 5.373-12 12-12h40c6.627 0 12 5.373 12 12v84zm64-172c0 6.627-5.373 12-12 12h-40c-6.627 0-12-5.373-12-12v-40c0-6.627 5.373-12 12-12h40c6.627 0 12 5.373 12 12v40zm0-96c0 6.627-5.373 12-12 12h-40c-6.627 0-12-5.373-12-12v-40c0-6.627 5.373-12 12-12h40c6.627 0 12 5.373 12 12v40zm0-96c0 6.627-5.373 12-12 12h-40c-6.627 0-12-5.373-12-12V76c0-6.627 5.373-12 12-12h40c6.627 0 12 5.373 12 12v40z\"><\/path><\/svg>\t\t\t\t<\/span>\n\t\t\t<\/div>\n\t\t\t\t\t\t\t\t\t<div class=\"hfe-infocard-title-wrap\">\n\t\t\t\t<h2 class=\"hfe-infocard-title elementor-inline-editing\" data-elementor-setting-key=\"infocard_title\" data-elementor-inline-editing-toolbar=\"basic\" >Build partnerships<\/h2>\t\t\t<\/div>\n\t\t\t\t\t\t<div class=\"hfe-infocard-text-wrap\">\n\t\t\t\t<div class=\"hfe-infocard-text elementor-inline-editing\" data-elementor-setting-key=\"infocard_description\" data-elementor-inline-editing-toolbar=\"advanced\">\n\t\t\t\t\tCompanies, institutions, and organizations can develop joint projects with social and community impact.\t\t\t\t<\/div>\n\t\t\t\t\t\t\t<div class=\"hfe-button-wrapper elementor-widget-button\">\n\t\t\t\t<a href=\"#\" class=\"elementor-button-link elementor-button elementor-size-sm\">\n\t\t\t\t\t<span class=\"elementor-button-text elementor-inline-editing\"  data-elementor-setting-key=\"infocard_button_text\" data-elementor-inline-editing-toolbar=\"none\">Click here<\/span>\n\t\t\t\t<\/a>\n\t\t\t<\/div>\n\t\t\t\t\t\t<\/div>\n\t\t<\/div>\n\n\t\t\t\t\t\t<\/div>\n\t\t\t\t<\/div>\n\t\t\t\t<\/div>\n\t\t\t\t<\/div>\n\t\t\t\t\t<\/div>\n\t\t\t\t<\/div>\n\t\t\t\t<\/div>","protected":false},"excerpt":{"rendered":"<p>Construimos paz, justicia y cohesi\u00f3n social a trav\u00e9s de la cultura, la educaci\u00f3n y el trabajo comunitario\u200b La Asociaci\u00f3n Vida Paz y Justicia es una entidad social sin \u00e1nimo de lucro con sede en Madrid, que impulsa proyectos de impacto social, cultural y educativo orientados a la promoci\u00f3n de los derechos humanos, la inclusi\u00f3n social [&hellip;]<\/p>\n","protected":false},"author":1,"featured_media":0,"parent":0,"menu_order":0,"comment_status":"closed","ping_status":"closed","template":"","meta":{"footnotes":""},"class_list":["post-18","page","type-page","status-publish","hentry"],"_links":{"self":[{"href":"https:\/\/vidapazyjusticia.org\/en\/wp-json\/wp\/v2\/pages\/18","targetHints":{"allow":["GET"]}}],"collection":[{"href":"https:\/\/vidapazyjusticia.org\/en\/wp-json\/wp\/v2\/pages"}],"about":[{"href":"https:\/\/vidapazyjusticia.org\/en\/wp-json\/wp\/v2\/types\/page"}],"author":[{"embeddable":true,"href":"https:\/\/vidapazyjusticia.org\/en\/wp-json\/wp\/v2\/users\/1"}],"replies":[{"embeddable":true,"href":"https:\/\/vidapazyjusticia.org\/en\/wp-json\/wp\/v2\/comments?post=18"}],"version-history":[{"count":151,"href":"https:\/\/vidapazyjusticia.org\/en\/wp-json\/wp\/v2\/pages\/18\/revisions"}],"predecessor-version":[{"id":422,"href":"https:\/\/vidapazyjusticia.org\/en\/wp-json\/wp\/v2\/pages\/18\/revisions\/422"}],"wp:attachment":[{"href":"https:\/\/vidapazyjusticia.org\/en\/wp-json\/wp\/v2\/media?parent=18"}],"curies":[{"name":"wp","href":"https:\/\/api.w.org\/{rel}","templated":true}]}}